{"id":16440,"date":"2025-02-21T11:22:14","date_gmt":"2025-02-21T17:22:14","guid":{"rendered":"https:\/\/zimat.com\/?page_id=16440"},"modified":"2025-02-21T11:22:25","modified_gmt":"2025-02-21T17:22:25","slug":"aviso-de-privacidad","status":"publish","type":"page","link":"https:\/\/zimat.com\/en\/aviso-de-privacidad\/","title":{"rendered":"Privacy Notice"},"content":{"rendered":"<p>De conformidad con la Ley Federal de Protecci\u00f3n de Datos Personales en Posesi\u00f3n de Particulares, el presente Aviso de Privacidad prev\u00e9 las pol\u00edticas, procedimientos y lineamientos a implementarse por <b>Zimat Consultores Comunicaci\u00f3n Total, S.A. de C.V. <\/b>(como Responsable) relacionadas con la obtenci\u00f3n, uso y divulgaci\u00f3n de sus datos personales.<\/p>\n<p><b>Responsable de los datos personales<\/b><\/p>\n<p><b>\u00a0<\/b><\/p>\n<p><b>Zimat Consultores Comunicaci\u00f3n Total, S.A. de C.V.<\/b> (en adelante referida como \u201cla Responsable\u201d) con domicilio en Avenida Paseo de la Reforma 155, Piso 4, PH1 y PH2. Lomas -Virreyes, Lomas de Chapultepec, Ciudad de M\u00e9xico, es la Responsable de la obtenci\u00f3n, divulgaci\u00f3n, almacenamiento, uso, manejo, aprovechamiento, y\/o disposici\u00f3n de los datos personales que recabe de sus clientes (en adelante mencionados como \u201cTitulares\u201d).<\/p>\n<p><b>\u00bfQu\u00e9 datos personales recabamos?<\/b><\/p>\n<p>Los datos personales recabados de los Titulares son:<\/p>\n<p><b>\u00a0<\/b><\/p>\n<p><b>Datos de contacto:<\/b> Nombre, apellido, correo electr\u00f3nico, tel\u00e9fono.<\/p>\n<p><b>\u00bfC\u00f3mo recopilamos su informaci\u00f3n?<\/b><\/p>\n<p>La recolecci\u00f3n de sus datos personales podr\u00e1 llevarse a cabo a trav\u00e9s de los siguientes medios:<\/p>\n<p>a) P\u00e1gina de internet.<\/p>\n<p>b) Redes sociales oficiales de la Responsable.<\/p>\n<p>c) Correo electr\u00f3nico.<\/p>\n<p>d)\u00a0Tel\u00e9fono<\/p>\n<p><b>\u00bfPara qu\u00e9 fines utilizaremos sus datos personales?<\/b><\/p>\n<p>(i) para iniciar el proceso de contrataci\u00f3n de los servicios prove\u00eddos por la Responsable (ii) contactarlo para dar seguimiento al proceso de contrataci\u00f3n de los servicios prove\u00eddos por la Responsable; (iii) env\u00edo de ofertas, promociones, eventos, noticias, art\u00edculos de inter\u00e9s e informaci\u00f3n novedosa relativa a los servicios prestados por la Responsable y por las empresas que pertenezcan al mismo grupo comercial de la Responsable, (iv) informarle sobre cualquier cambio que se efect\u00fae al presente Aviso de Privacidad.<\/p>\n<p><b>\u00a0<\/b><\/p>\n<p><b>\u00bfCon qui\u00e9n compartimos sus datos personales?<\/b><\/p>\n<p>El Titular reconoce y acepta que la Responsable podr\u00e1 transferir sus datos personales a:<\/p>\n<p>(i) Proveedores contratados por la Responsable para el cumplimiento de las finalidades establecidas en el presente Aviso de Privacidad.<\/p>\n<p>Asimismo, conforme a lo establecido por el art\u00edculo 37 de la Ley Federal de Protecci\u00f3n de Datos Personales en Posesi\u00f3n de Particulares, el Titular reconoce que la Responsable podr\u00e1 transferir sus datos personales a sociedades controladoras, subsidiarias o afiliadas bajo el control com\u00fan de la Responsable, o a una sociedad matriz o a cualquier sociedad del mismo grupo al que pertenece la Responsable para las finalidades se\u00f1aladas en el presente aviso de privacidad.<\/p>\n<p><b>Opciones y medios que la Responsable ofrece a los Titulares para limitar el uso o divulgaci\u00f3n de los datos personales.<\/b><\/p>\n<p>Los datos personales de los Titulares ser\u00e1n tratados bajo la m\u00e1s estricta confidencialidad, cuidando las medidas de seguridad administrativas, f\u00edsicas y t\u00e9cnicas que la Responsable implemente en sus pol\u00edticas y procedimientos de seguridad internos evitando la posible divulgaci\u00f3n il\u00edcita de datos y limitando su uso a lo establecido en el presente Aviso de Privacidad.<\/p>\n<p><b>Medios para ejercer los derechos ARCO de los Titulares<\/b><\/p>\n<p>En cualquier momento usted o su representante legal debidamente acreditado, podr\u00e1n ejercer los derechos de <b>Acceso<\/b>, <b>Rectificaci\u00f3n<\/b> cuando consideren que son err\u00f3neos o inexactos, <b>Cancelaci\u00f3n<\/b> en caso de que considere que los datos no son tratados de forma adecuada, <b>Oposici\u00f3n<\/b> en caso de que no quiera que sus datos sean tratados para finalidades espec\u00edficas y\/o Revocaci\u00f3n cuando ya no sea su deseo como titular que la Responsable y el Encargado contin\u00faen usando sus datos personales. El ejercicio de uno de ellos no impide el ejercicio del otro y ninguno es presupuesto para el ejercicio de otro.<\/p>\n<p>Para ejercer sus derechos mencionados con anterioridad, deber\u00e1 enviar su solicitud a nuestro departamento de datos personales al correoelectr\u00f3nico<b>\u00a0<\/b><strong>contacto@zimat.com.mx<\/strong>, y\/o directamente a nuestro domicilio ubicado en Avenida Paseo de la Reforma 155, Piso 4, PH1 y PH2. Lomas -Virreyes, Lomas de Chapultepec, Ciudad de M\u00e9xico.<\/p>\n<p>La solicitud del ejercicio de los derechos de los Titulares deber\u00e1 contener los siguientes datos: (i) Nombre del titular, (ii) domicilio\u00a0 y direcci\u00f3n de correo electr\u00f3nico para notificarle\u00a0 la\u00a0 respuesta\u00a0 a\u00a0 su\u00a0 solicitud,\u00a0 (iii)\u00a0 una descripci\u00f3n clara y precisa de los datos respecto de los cuales se busca ejercer el derecho correspondiente, (iv) el objeto de la solicitud, (v) cualquier elemento que facilite la localizaci\u00f3n de los datos, y se deber\u00e1 anexar copia de su identificaci\u00f3n, y en su caso el documento mediante el cual se acredite la representaci\u00f3n legal.<\/p>\n<p>El plazo de respuesta de su solicitud ser\u00e1 de 20 d\u00edas h\u00e1biles contados a partir del d\u00eda en que se recibi\u00f3 la solicitud de acceso, rectificaci\u00f3n, cancelaci\u00f3n y oposici\u00f3n correspondiente. La respuesta le ser\u00e1 comunicada dentro del plazo antes mencionado a la direcci\u00f3n de correo electr\u00f3nico que proporcion\u00f3 en su solicitud o enviando carta al domicilio proporcionado en la misma.\u00a0 Una vez recibida dicha notificaci\u00f3n la Responsable tendr\u00e1 un plazo de 15 d\u00edas h\u00e1biles para hacerla efectiva en caso de ser procedente.<\/p>\n<p>En cualquier momento podr\u00e1 revocar el consentimiento que nos ha otorgado para el tratamiento de sus datos personales, de tal forma que dejemos hacer uso de estos. Para ello deber\u00e1 presentar una solicitud en los t\u00e9rminos mencionados para el ejercicio de los derechos ARCO. El procedimiento a seguir ser\u00e1 el mismo que el previsto para el ejercicio de los derechos ARCO. En caso de ser procedente su solicitud sus datos dejar\u00e1n de ser tratados por la Responsable y la Encargada.<\/p>\n<p><b>Cambios al Aviso de Privacidad<\/b><\/p>\n<p>Cualquier cambio al presente Aviso de Privacidad, le ser\u00e1 informado a trav\u00e9s de los siguientes medios:<\/p>\n<ol>\n<li>Mediante correo electr\u00f3nico que personalmente le enviemos.<\/li>\n<li>A trav\u00e9s de la p\u00e1gina de internet.<\/li>\n<\/ol>\n<p>Si se llegaren a modificar las finalidades para las cuales se tratan sus datos personales, en caso de ser necesario, se solicitar\u00e1 de nuevo su consentimiento ya sea expreso o t\u00e1cito atendiendo al caso particular.<\/p>\n<p><b>Aviso sobre cookies<\/b><\/p>\n<p>La Responsable utiliza varias tecnolog\u00edas para mejorar la eficiencia de sus sitios web, incluyendo su experiencia cuando navega por dichos sitios. Entre estas tecnolog\u00edas se incluye el uso de cookies. Las cookies son peque\u00f1as cantidades de informaci\u00f3n que se almacenan en el navegador utilizado por cada usuario para que el servidor recuerde cierta informaci\u00f3n que posteriormente pueda utilizar. Esta informaci\u00f3n permite identificarle y guardar sus preferencias personales para brindarle una mejor experiencia de navegaci\u00f3n. Usted puede deshabilitar o ajustar el uso de cookies siguiendo los procedimientos del navegador de internet que utiliza.<\/p>\n<p><b>Consentimiento del Titular<\/b><\/p>\n<p>Si el Titular no manifiesta su oposici\u00f3n al tratamiento de sus datos personales conforme a los establecido en el presente Aviso de Privacidad, se entender\u00e1 que ha le\u00eddo, entendido y acordado los t\u00e9rminos expuestos en el mismo y en consecuencia que ha otorgado de forma t\u00e1cita su consentimiento para los presentes efectos. En caso de que usted no est\u00e9 de acuerdo de manera parcial o total con el contenido del presente Aviso de Privacidad, solicitamos notifique su inconformidad y desacuerdo al correo electr\u00f3nico\u00a0<strong>contacto@zimat.com.mx<\/strong><b>\u00a0<\/b>con atenci\u00f3n al departamento de protecci\u00f3n de datos personales.<\/p>\n<h4>Innovative and effective communication solutions<\/h4>\n<p><a href=\"https:\/\/zimat.com\/en\/contacto\/\">CONTACT US<\/a><\/p>","protected":false},"excerpt":{"rendered":"<p>De conformidad con la Ley Federal de Protecci\u00f3n de Datos Personales en Posesi\u00f3n de Particulares, el presente Aviso de Privacidad prev\u00e9 las pol\u00edticas, procedimientos y lineamientos a implementarse por Zimat Consultores Comunicaci\u00f3n Total, S.A. de C.V. (como Responsable) relacionadas con la obtenci\u00f3n, uso y divulgaci\u00f3n de sus datos personales. Responsable de los datos personales \u00a0 [&hellip;]<\/p>\n","protected":false},"author":2,"featured_media":0,"parent":0,"menu_order":0,"comment_status":"closed","ping_status":"closed","template":"","meta":{"_acf_changed":false,"footnotes":""},"class_list":["post-16440","page","type-page","status-publish","hentry"],"acf":[],"yoast_head":"<!-- This site is optimized with the Yoast SEO plugin v27.2 - https:\/\/yoast.com\/product\/yoast-seo-wordpress\/ -->\n<title>Aviso de Privacidad - Zimat<\/title>\n<meta name=\"robots\" content=\"index, follow, max-snippet:-1, max-image-preview:large, max-video-preview:-1\" \/>\n<link rel=\"canonical\" href=\"https:\/\/zimat.com\/en\/aviso-de-privacidad\/\" \/>\n<meta property=\"og:locale\" content=\"en_US\" \/>\n<meta property=\"og:type\" content=\"article\" \/>\n<meta property=\"og:title\" content=\"Aviso de Privacidad - Zimat\" \/>\n<meta property=\"og:description\" content=\"De conformidad con la Ley Federal de Protecci\u00f3n de Datos Personales en Posesi\u00f3n de Particulares, el presente Aviso de Privacidad prev\u00e9 las pol\u00edticas, procedimientos y lineamientos a implementarse por Zimat Consultores Comunicaci\u00f3n Total, S.A. de C.V. (como Responsable) relacionadas con la obtenci\u00f3n, uso y divulgaci\u00f3n de sus datos personales. Responsable de los datos personales \u00a0 [&hellip;]\" \/>\n<meta property=\"og:url\" content=\"https:\/\/zimat.com\/en\/aviso-de-privacidad\/\" \/>\n<meta property=\"og:site_name\" content=\"Zimat\" \/>\n<meta property=\"article:publisher\" content=\"https:\/\/www.facebook.com\/ZIMATConsultores\" \/>\n<meta property=\"article:modified_time\" content=\"2025-02-21T17:22:25+00:00\" \/>\n<meta name=\"twitter:card\" content=\"summary_large_image\" \/>\n<meta name=\"twitter:site\" content=\"@ZimatC\" \/>\n<meta name=\"twitter:label1\" content=\"Est. reading time\" \/>\n\t<meta name=\"twitter:data1\" content=\"6 minutes\" \/>\n<script type=\"application\/ld+json\" class=\"yoast-schema-graph\">{\"@context\":\"https:\/\/schema.org\",\"@graph\":[{\"@type\":\"WebPage\",\"@id\":\"https:\/\/zimat.com\/aviso-de-privacidad\/\",\"url\":\"https:\/\/zimat.com\/aviso-de-privacidad\/\",\"name\":\"Aviso de Privacidad - Zimat\",\"isPartOf\":{\"@id\":\"https:\/\/zimat.com\/#website\"},\"datePublished\":\"2025-02-21T17:22:14+00:00\",\"dateModified\":\"2025-02-21T17:22:25+00:00\",\"breadcrumb\":{\"@id\":\"https:\/\/zimat.com\/aviso-de-privacidad\/#breadcrumb\"},\"inLanguage\":\"en-US\",\"potentialAction\":[{\"@type\":\"ReadAction\",\"target\":[\"https:\/\/zimat.com\/aviso-de-privacidad\/\"]}]},{\"@type\":\"BreadcrumbList\",\"@id\":\"https:\/\/zimat.com\/aviso-de-privacidad\/#breadcrumb\",\"itemListElement\":[{\"@type\":\"ListItem\",\"position\":1,\"name\":\"Inicio\",\"item\":\"https:\/\/zimat.com\/\"},{\"@type\":\"ListItem\",\"position\":2,\"name\":\"Aviso de Privacidad\"}]},{\"@type\":\"WebSite\",\"@id\":\"https:\/\/zimat.com\/#website\",\"url\":\"https:\/\/zimat.com\/\",\"name\":\"Zimat\",\"description\":\"La firma l\u00edder de consultor\u00eda en comunicaci\u00f3n de M\u00e9xico\",\"publisher\":{\"@id\":\"https:\/\/zimat.com\/#organization\"},\"potentialAction\":[{\"@type\":\"SearchAction\",\"target\":{\"@type\":\"EntryPoint\",\"urlTemplate\":\"https:\/\/zimat.com\/?s={search_term_string}\"},\"query-input\":{\"@type\":\"PropertyValueSpecification\",\"valueRequired\":true,\"valueName\":\"search_term_string\"}}],\"inLanguage\":\"en-US\"},{\"@type\":\"Organization\",\"@id\":\"https:\/\/zimat.com\/#organization\",\"name\":\"Zimat\",\"url\":\"https:\/\/zimat.com\/\",\"logo\":{\"@type\":\"ImageObject\",\"inLanguage\":\"en-US\",\"@id\":\"https:\/\/zimat.com\/#\/schema\/logo\/image\/\",\"url\":\"https:\/\/zimat.com\/wp-content\/uploads\/2022\/03\/Logo-azul.png\",\"contentUrl\":\"https:\/\/zimat.com\/wp-content\/uploads\/2022\/03\/Logo-azul.png\",\"width\":1024,\"height\":243,\"caption\":\"Zimat\"},\"image\":{\"@id\":\"https:\/\/zimat.com\/#\/schema\/logo\/image\/\"},\"sameAs\":[\"https:\/\/www.facebook.com\/ZIMATConsultores\",\"https:\/\/x.com\/ZimatC\"]}]}<\/script>\n<!-- \/ Yoast SEO plugin. -->","yoast_head_json":{"title":"Aviso de Privacidad - Zimat","robots":{"index":"index","follow":"follow","max-snippet":"max-snippet:-1","max-image-preview":"max-image-preview:large","max-video-preview":"max-video-preview:-1"},"canonical":"https:\/\/zimat.com\/en\/aviso-de-privacidad\/","og_locale":"en_US","og_type":"article","og_title":"Aviso de Privacidad - Zimat","og_description":"De conformidad con la Ley Federal de Protecci\u00f3n de Datos Personales en Posesi\u00f3n de Particulares, el presente Aviso de Privacidad prev\u00e9 las pol\u00edticas, procedimientos y lineamientos a implementarse por Zimat Consultores Comunicaci\u00f3n Total, S.A. de C.V. (como Responsable) relacionadas con la obtenci\u00f3n, uso y divulgaci\u00f3n de sus datos personales. Responsable de los datos personales \u00a0 [&hellip;]","og_url":"https:\/\/zimat.com\/en\/aviso-de-privacidad\/","og_site_name":"Zimat","article_publisher":"https:\/\/www.facebook.com\/ZIMATConsultores","article_modified_time":"2025-02-21T17:22:25+00:00","twitter_card":"summary_large_image","twitter_site":"@ZimatC","twitter_misc":{"Est. reading time":"6 minutes"},"schema":{"@context":"https:\/\/schema.org","@graph":[{"@type":"WebPage","@id":"https:\/\/zimat.com\/aviso-de-privacidad\/","url":"https:\/\/zimat.com\/aviso-de-privacidad\/","name":"Aviso de Privacidad - Zimat","isPartOf":{"@id":"https:\/\/zimat.com\/#website"},"datePublished":"2025-02-21T17:22:14+00:00","dateModified":"2025-02-21T17:22:25+00:00","breadcrumb":{"@id":"https:\/\/zimat.com\/aviso-de-privacidad\/#breadcrumb"},"inLanguage":"en-US","potentialAction":[{"@type":"ReadAction","target":["https:\/\/zimat.com\/aviso-de-privacidad\/"]}]},{"@type":"BreadcrumbList","@id":"https:\/\/zimat.com\/aviso-de-privacidad\/#breadcrumb","itemListElement":[{"@type":"ListItem","position":1,"name":"Inicio","item":"https:\/\/zimat.com\/"},{"@type":"ListItem","position":2,"name":"Aviso de Privacidad"}]},{"@type":"WebSite","@id":"https:\/\/zimat.com\/#website","url":"https:\/\/zimat.com\/","name":"Zimat","description":"La firma l\u00edder de consultor\u00eda en comunicaci\u00f3n de M\u00e9xico","publisher":{"@id":"https:\/\/zimat.com\/#organization"},"potentialAction":[{"@type":"SearchAction","target":{"@type":"EntryPoint","urlTemplate":"https:\/\/zimat.com\/?s={search_term_string}"},"query-input":{"@type":"PropertyValueSpecification","valueRequired":true,"valueName":"search_term_string"}}],"inLanguage":"en-US"},{"@type":"Organization","@id":"https:\/\/zimat.com\/#organization","name":"Zimat","url":"https:\/\/zimat.com\/","logo":{"@type":"ImageObject","inLanguage":"en-US","@id":"https:\/\/zimat.com\/#\/schema\/logo\/image\/","url":"https:\/\/zimat.com\/wp-content\/uploads\/2022\/03\/Logo-azul.png","contentUrl":"https:\/\/zimat.com\/wp-content\/uploads\/2022\/03\/Logo-azul.png","width":1024,"height":243,"caption":"Zimat"},"image":{"@id":"https:\/\/zimat.com\/#\/schema\/logo\/image\/"},"sameAs":["https:\/\/www.facebook.com\/ZIMATConsultores","https:\/\/x.com\/ZimatC"]}]}},"_links":{"self":[{"href":"https:\/\/zimat.com\/en\/wp-json\/wp\/v2\/pages\/16440","targetHints":{"allow":["GET"]}}],"collection":[{"href":"https:\/\/zimat.com\/en\/wp-json\/wp\/v2\/pages"}],"about":[{"href":"https:\/\/zimat.com\/en\/wp-json\/wp\/v2\/types\/page"}],"author":[{"embeddable":true,"href":"https:\/\/zimat.com\/en\/wp-json\/wp\/v2\/users\/2"}],"replies":[{"embeddable":true,"href":"https:\/\/zimat.com\/en\/wp-json\/wp\/v2\/comments?post=16440"}],"version-history":[{"count":1,"href":"https:\/\/zimat.com\/en\/wp-json\/wp\/v2\/pages\/16440\/revisions"}],"predecessor-version":[{"id":16441,"href":"https:\/\/zimat.com\/en\/wp-json\/wp\/v2\/pages\/16440\/revisions\/16441"}],"wp:attachment":[{"href":"https:\/\/zimat.com\/en\/wp-json\/wp\/v2\/media?parent=16440"}],"curies":[{"name":"wp","href":"https:\/\/api.w.org\/{rel}","templated":true}]}}